{"id":1166,"date":"2024-06-10T11:32:11","date_gmt":"2024-06-10T11:32:11","guid":{"rendered":"https:\/\/galerie-gutermuth.ch\/?page_id=1166"},"modified":"2024-06-10T11:32:14","modified_gmt":"2024-06-10T11:32:14","slug":"wernerbischof","status":"publish","type":"page","link":"https:\/\/galerie-gutermuth.ch\/en\/wernerbischof\/","title":{"rendered":"Werner Bischof"},"content":{"rendered":"<p>[et_pb_section fb_built=&#8220;1&#8243; _builder_version=&#8220;4.21.0&#8243; _module_preset=&#8220;default&#8220; background_color=&#8220;#F3F2F0&#8243; custom_margin=&#8220;||||false|false&#8220; custom_padding=&#8220;0px|0px|0px|0px|false|false&#8220; global_colors_info=&#8220;{}&#8220;][et_pb_row custom_padding_last_edited=&#8220;on|desktop&#8220; _builder_version=&#8220;4.22.1&#8243; _module_preset=&#8220;default&#8220; width=&#8220;100%&#8220; max_width=&#8220;100%&#8220; custom_margin=&#8220;||||false|false&#8220; custom_padding=&#8220;|50px||50px|false|false&#8220; custom_padding_tablet=&#8220;|20px||20px|false|false&#8220; custom_padding_phone=&#8220;|20px|||false|false&#8220; global_colors_info=&#8220;{}&#8220;][et_pb_column type=&#8220;4_4&#8243; _builder_version=&#8220;4.21.0&#8243; _module_preset=&#8220;default&#8220; global_colors_info=&#8220;{}&#8220;][et_pb_image src=&#8220;https:\/\/galerie-gutermuth.ch\/wp-content\/uploads\/2023\/07\/G_Logo_schwarz.svg&#8220; title_text=&#8220;G_Logo_schwarz&#8220; url=&#8220;@ET-DC@eyJkeW5hbWljIjp0cnVlLCJjb250ZW50IjoicG9zdF9saW5rX3VybF9wYWdlIiwic2V0dGluZ3MiOnsicG9zdF9pZCI6IjgyMiJ9fQ==@&#8220; admin_label=&#8220;Logo&#8220; _builder_version=&#8220;4.23.1&#8243; _dynamic_attributes=&#8220;url&#8220; _module_preset=&#8220;default&#8220; background_color=&#8220;RGBA(255,255,255,0)&#8220; width=&#8220;7%&#8220; width_tablet=&#8220;13%&#8220; width_phone=&#8220;18%&#8220; width_last_edited=&#8220;on|tablet&#8220; height=&#8220;85px&#8220; custom_margin=&#8220;14px|||-1px|false|false&#8220; custom_margin_tablet=&#8220;0px||||false|false&#8220; custom_margin_phone=&#8220;0px||||false|false&#8220; custom_margin_last_edited=&#8220;on|phone&#8220; custom_padding=&#8220;0px|||0px|false|false&#8220; global_module=&#8220;213&#8243; saved_tabs=&#8220;all&#8220; global_colors_info=&#8220;{}&#8220;][\/et_pb_image][et_pb_menu active_link_color=&#8220;#413E39&#8243; dropdown_menu_line_color=&#8220;#9B958A&#8220; cart_icon_color=&#8220;#9B958A&#8220; search_icon_color=&#8220;#9B958A&#8220; menu_icon_color=&#8220;#9B958A&#8220; menu_icon_color_tablet=&#8220;#413E39&#8243; menu_icon_color_phone=&#8220;&#8220; menu_icon_color_last_edited=&#8220;on|tablet&#8220; _builder_version=&#8220;4.23.1&#8243; _module_preset=&#8220;default&#8220; background_enable_color=&#8220;off&#8220; custom_margin=&#8220;|||0px|false|false&#8220; custom_margin_tablet=&#8220;-140px||||false|false&#8220; custom_margin_phone=&#8220;-120px||||false|false&#8220; custom_margin_last_edited=&#8220;on|phone&#8220; custom_padding=&#8220;9px||||false|false&#8220; custom_padding_tablet=&#8220;||||false|false&#8220; custom_padding_phone=&#8220;&#8220; custom_padding_last_edited=&#8220;on|tablet&#8220; global_module=&#8220;623&#8243; global_colors_info=&#8220;{}&#8220;][\/et_pb_menu][et_pb_text _builder_version=&#8220;4.25.0&#8243; _module_preset=&#8220;56cd2a79-148c-4e54-8a44-8b5ecad240b4&#8243; custom_padding=&#8220;40px|||0px|false|false&#8220; custom_padding_tablet=&#8220;80px||||false|false&#8220; custom_padding_phone=&#8220;80px||||false|false&#8220; custom_padding_last_edited=&#8220;on|tablet&#8220; global_colors_info=&#8220;{}&#8220;]<\/p>\n<h1><span style=\"font-size: 30px;\">WERNER BISCHOF<\/span><\/h1>\n<h3>LONGING FOR TRADITION AND BEAUTY<\/h3>\n<h3>Japan 1951\/1952<\/h3>\n<h3>\u00a0<\/h3>\n<p class=\"p1\">with Akari Light Sculptures by Isamu Noguchi<br \/>Exhibition 08\/06\/2024 - 30\/08\/2024<\/p>\n<p>[\/et_pb_text][\/et_pb_column][\/et_pb_row][et_pb_row column_structure=&#8220;1_3,1_3,1_3&#8243; custom_padding_last_edited=&#8220;on|phone&#8220; _builder_version=&#8220;4.22.1&#8243; _module_preset=&#8220;default&#8220; width=&#8220;100%&#8220; max_width=&#8220;100%&#8220; min_height=&#8220;885.4px&#8220; custom_padding=&#8220;|50px||50px|false|false&#8220; custom_padding_tablet=&#8220;|20px||20px|false|false&#8220; custom_padding_phone=&#8220;|20px||20px|false|false&#8220; global_colors_info=&#8220;{}&#8220;][et_pb_column type=&#8220;1_3&#8243; _builder_version=&#8220;4.22.1&#8243; _module_preset=&#8220;default&#8220; global_colors_info=&#8220;{}&#8220;][et_pb_text _builder_version=&#8220;4.25.0&#8243; _module_preset=&#8220;56cd2a79-148c-4e54-8a44-8b5ecad240b4&#8243; min_height=&#8220;420.4px&#8220; custom_padding=&#8220;0px||0px|0px|false|false&#8220; global_colors_info=&#8220;{}&#8220;]<\/p>\n<p class=\"p1\"><strong><span class=\"s1\">Introduction<\/span><\/strong><\/p>\n<p class=\"p2\"><span class=\"s2\">Werner Bischof, born in Zurich in 1916, traveled to Korea in 1951 on behalf of \u201aMAGNUM\u2018 for a report on the proxy war between China and the USA. His journey to Korea took him through pacified Japan, where he was fascinated by the country\u2019s traditions and beauty.<span class=\"Apple-converted-space\">\u00a0<\/span><\/span><\/p>\n<p class=\"p2\"><span class=\"s2\">Isamu Noguchi, who was born in the USA in 1904, was already familiar with Japanese culture at this time through his Japanese father, the poet Yone Noguchi. In 1951, he experienced a night of cormorant fishing - a traditional festival along the Nagara River near Gifu, which was illuminated by paper lanterns. It served to strengthen his bond with Japan and enrich his artistic work for the rest of his life.<\/span><\/p>\n<p>&nbsp;<\/p>\n<p class=\"p1\"><strong><span class=\"s1\">Werner Bischof, 1916 &#8211; 1954<\/span><\/strong><br \/>wrote to his wife Rosellina, October 7, 1951:<\/p>\n<p class=\"p2\"><span class=\"s3\">\u00abYesterday, a glorious autumn day, I took a taxi to the emperor\u2018s old country seat. On the way I found the silk washers... washing long streamers of colored silk in the river and hanging them to dry on tall bamboo poles. Can you imagine what a wonderful sight that is? All the colored streamers swelling and swishing in the wind, wondrous... Naturally I couldn\u2018t just drive past, and spent an hour there.\u00bb<\/span><\/p>\n<p class=\"p1\"><span class=\"s1\">Werner Bischof was increasingly reluctant to work as a war reporter, which he found too superficial and provocative. To Emil Schulthess from the magazine \u201aDu\u2018:<\/span><\/p>\n<p><span class=\"s1\">\u00abI was in Korea, but the human tragedy of the Korean people shocked me so much that I soon went back to Japan.<\/span><\/p>\n<p>[\/et_pb_text][\/et_pb_column][et_pb_column type=&#8220;1_3&#8243; _builder_version=&#8220;4.22.1&#8243; _module_preset=&#8220;default&#8220; global_colors_info=&#8220;{}&#8220;][et_pb_text _builder_version=&#8220;4.25.0&#8243; _module_preset=&#8220;default&#8220; min_height=&#8220;442.8px&#8220; custom_padding=&#8220;||0px|||&#8220; global_colors_info=&#8220;{}&#8220;]<\/p>\n<p class=\"p1\"><span class=\"s1\">Nevertheless, I produced a very concentrated work of the evacuation of a village in the dense jungle north of the 38th parallel. \u201aLife\u2018 was thrilled, but they already had enough pictures like that, as the place is teeming with \u201abattlefield hyenas\u2018 (war reporters). Most only see what might shock the world press, they forget that human souls still exist without uniforms... This military story makes me sick to my stomach, and I\u2018m going to tell \u201aMAGNUM\u2018 for good not to do any more of this sort of thing.\u00bb<\/span><\/p>\n<p class=\"p1\"><span class=\"s1\">Instead, he decided to accept a direct assignment from \u201aLife\u2018 magazine, which suited his personal inclination to delve deeper into the country\u2018s stories. He extended his stay in Japan by almost a year, focusing on traditional Japanese culture, the beauty of nature and the arrival of modernity.<span class=\"Apple-converted-space\">\u00a0<\/span><\/span><\/p>\n<p class=\"p1\"><span class=\"s1\">\u00abThe trees are exquisite in Japan. You know the poems that tell of the wind blowing through the trees and the leaves. In the center of the capital with its ever increasing bustle, I have discovered some tree shapes of breathtaking beauty and have drawn them for you. I cannot believe that these people will ever stop venerating nature, that a time will come when they no longer shelter trees and flowers in their houses as symbols of what is noble and pure...\u00bb<\/span><\/p>\n<p class=\"p1\">In 1953, the special issue \u201aPeople of the Far East\u2018 of the magazine \u201aDu\u2018 was published. In addition, an exhibition is held in Zurich and a book entitled \u201aJapan\u2018 was published the following year.<\/p>\n<p>[\/et_pb_text][\/et_pb_column][et_pb_column type=&#8220;1_3&#8243; _builder_version=&#8220;4.22.1&#8243; _module_preset=&#8220;default&#8220; global_colors_info=&#8220;{}&#8220;][et_pb_text _builder_version=&#8220;4.25.0&#8243; _module_preset=&#8220;default&#8220; min_height=&#8220;321.4px&#8220; global_colors_info=&#8220;{}&#8220;]<\/p>\n<p class=\"p1\"><strong><span class=\"s1\">Isamu Noguchi, 1904 &#8211; 1988<\/span><\/strong><br \/>Akari Light Sculptures<\/p>\n<p class=\"p2 translation-block\">The \u201achochin\u2018 are lanterns that are traditionally handmade from a fine weave of bamboo rods and high-quality paper made from mulberry bark. On the night of the Komoran fishing trip, the mayor of Gifu asked Isamu Noguchi to help restore the lantern industry in Gifu, which had been devastated by the war and the production of cheap copies. From that point onwards, Isamu Noguchi and Ozeki, which was founded in 1891, would have a fruitful, lifelong relationship. Isamu Noguchi regarded the lanterns as sculptures and used the Japanese word \u201aAkari\u2018 for them, which means \u201alight\u2018 and is associated with both enlightenment and weightlessness. Noguchi presented \u201aAkari\u2018 in 1952 at a major exhibition of his latest ceramics and sculptures at the Museum of Modern Art Kamakura and later in 1954 in a gallery of the literary magazine \u201aChuo Koron\u2018. Over the decades, he created more than 100 models.<\/p>\n<p>[\/et_pb_text][\/et_pb_column][\/et_pb_row][et_pb_row custom_padding_last_edited=&#8220;on|tablet&#8220; admin_label=&#8220;Fotografien&#8220; _builder_version=&#8220;4.21.0&#8243; _module_preset=&#8220;default&#8220; custom_margin=&#8220;||||false|false&#8220; custom_padding_tablet=&#8220;10px||0px||false|false&#8220; custom_padding_phone=&#8220;10px||0px||false|false&#8220; global_colors_info=&#8220;{}&#8220;][et_pb_column type=&#8220;4_4&#8243; _builder_version=&#8220;4.21.0&#8243; _module_preset=&#8220;default&#8220; global_colors_info=&#8220;{}&#8220;][et_pb_divider color=&#8220;#413E39&#8243; _builder_version=&#8220;4.21.0&#8243; _module_preset=&#8220;default&#8220; global_colors_info=&#8220;{}&#8220;][\/et_pb_divider][\/et_pb_column][\/et_pb_row][et_pb_row column_structure=&#8220;1_2,1_2&#8243; custom_padding_last_edited=&#8220;on|desktop&#8220; disabled_on=&#8220;off|off|off&#8220; admin_label=&#8220;Bild 2&#8243; _builder_version=&#8220;4.25.0&#8243; _module_preset=&#8220;default&#8220; background_enable_color=&#8220;off&#8220; background_enable_image=&#8220;off&#8220; width=&#8220;100%&#8220; max_width=&#8220;100%&#8220; custom_margin=&#8220;||||false|false&#8220; custom_padding=&#8220;|50px||50px|false|false&#8220; custom_padding_tablet=&#8220;|20px||20px|false|false&#8220; custom_padding_phone=&#8220;|20px|||false|false&#8220; hover_transition_speed_curve=&#8220;ease-in-out&#8220; scroll_fade=&#8220;0|20|20|45|50%|50%|99%&#8220; scroll_fade_tablet=&#8220;0|50|50|100|20%|100|100&#8243; scroll_fade_phone=&#8220;0|50|50|100|20%|100|100&#8243; scroll_fade_last_edited=&#8220;on|desktop&#8220; global_colors_info=&#8220;{}&#8220;][et_pb_column type=&#8220;1_2&#8243; _builder_version=&#8220;4.21.0&#8243; _module_preset=&#8220;default&#8220; global_colors_info=&#8220;{}&#8220;][et_pb_text admin_label=&#8220;Titel&#8220; _builder_version=&#8220;4.25.0&#8243; _module_preset=&#8220;56cd2a79-148c-4e54-8a44-8b5ecad240b4&#8243; text_line_height=&#8220;1em&#8220; global_colors_info=&#8220;{}&#8220;]<\/p>\n<h3>SNOW SCENE<\/h3>\n<p>Courtyard of the Meiji Shrine (\u660e\u6cbb\u795e\u5bae), Tokyo, 1952<\/p>\n<p>&nbsp;<\/p>\n<p>[\/et_pb_text][et_pb_text admin_label=&#8220;Informationen&#8220; _builder_version=&#8220;4.25.1&#8243; _module_preset=&#8220;56cd2a79-148c-4e54-8a44-8b5ecad240b4&#8243; min_height=&#8220;214.4px&#8220; global_colors_info=&#8220;{}&#8220;]<\/p>\n<div class=\"zeile\">\n<div class=\"zeile\">\n<div class=\"zelle1\">Edition<\/div>\n<div class=\"zelle2\">unlimited<\/div>\n<div>\n<div class=\"zelle1\">\u00a0<\/div>\n<div class=\"zelle2\">\n<p>stamped and signed by Marco Bischof on verso<\/p>\n<div class=\"zelle2\">Director of the Werner Bischof Estate<\/div>\n<\/div>\n<\/div>\n<\/div>\n<div class=\"zeile\">\n<div class=\"zelle1\">Print<\/div>\n<div class=\"zelle2\">Silver Gelatine<\/div>\n<\/div>\n<div class=\"zeile\">\n<div class=\"zelle1\">Sheet<\/div>\n<div class=\"zelle2\">80 x 60 cm, Baryt<\/div>\n<\/div>\n<div class=\"zeile\">\n<div class=\"zelle1\">Picture<\/div>\n<div class=\"zelle2\">67 x 55 cm<\/div>\n<\/div>\n<div class=\"zeile\">\n<div class=\"zelle1\">Frame<\/div>\n<div class=\"zelle2\">80 x 90 x 4 cm<\/div>\n<\/div>\n<div class=\"zeile\">\n<div class=\"zelle1\">\u00a0<\/div>\n<div class=\"zelle2\">Lime stained anthracite, matt lacquered<\/div>\n<\/div>\n<div class=\"zeile\">\n<div class=\"zelle1\">\u00a0<\/div>\n<div class=\"zelle2\">Glass, anti-reflective, UV 92%<\/div>\n<\/div>\n<div class=\"zeile\">\n<div class=\"zelle1\">\u00a0<\/div>\n<div class=\"zelle2\">Sibylle Diehl, Zurich<\/div>\n<\/div>\n<\/div>\n<p>[\/et_pb_text][\/et_pb_column][et_pb_column type=&#8220;1_2&#8243; _builder_version=&#8220;4.21.0&#8243; _module_preset=&#8220;default&#8220; background_enable_color=&#8220;off&#8220; background_enable_image=&#8220;off&#8220; custom_padding=&#8220;0px||||false|false&#8220; global_colors_info=&#8220;{}&#8220;][et_pb_image src=&#8220;https:\/\/galerie-gutermuth.ch\/wp-content\/uploads\/2024\/06\/Meiji-Schrein-im-Schnee_DSF1776_240607web4.jpg&#8220; title_text=&#8220;Meiji-Schrein-im-Schnee_DSF1776_240607web4&#8243; align=&#8220;center&#8220; _builder_version=&#8220;4.25.1&#8243; _module_preset=&#8220;default&#8220; background_enable_color=&#8220;off&#8220; width=&#8220;80%&#8220; width_tablet=&#8220;100%&#8220; width_phone=&#8220;100%&#8220; width_last_edited=&#8220;on|phone&#8220; custom_margin=&#8220;||||false|false&#8220; custom_padding=&#8220;0px|20px|20px|20px|false|false&#8220; custom_padding_tablet=&#8220;|0px|0px|0px|false|false&#8220; custom_padding_phone=&#8220;|0px|0px|0px|false|false&#8220; custom_padding_last_edited=&#8220;on|tablet&#8220; border_color_all=&#8220;#FFFFFF&#8220; global_colors_info=&#8220;{}&#8220;][\/et_pb_image][\/et_pb_column][\/et_pb_row][et_pb_row custom_padding_last_edited=&#8220;on|phone&#8220; admin_label=&#8220;Bildteiler&#8220; _builder_version=&#8220;4.21.0&#8243; _module_preset=&#8220;default&#8220; width=&#8220;60%&#8220; custom_padding=&#8220;||||false|false&#8220; custom_padding_tablet=&#8220;10px||0px||false|false&#8220; custom_padding_phone=&#8220;10px||0px||false|false&#8220; global_colors_info=&#8220;{}&#8220;][et_pb_column type=&#8220;4_4&#8243; _builder_version=&#8220;4.21.0&#8243; _module_preset=&#8220;default&#8220; global_colors_info=&#8220;{}&#8220;][et_pb_divider color=&#8220;#413E39&#8243; _builder_version=&#8220;4.21.0&#8243; _module_preset=&#8220;default&#8220; global_colors_info=&#8220;{}&#8220;][\/et_pb_divider][\/et_pb_column][\/et_pb_row][et_pb_row column_structure=&#8220;1_2,1_2&#8243; custom_padding_last_edited=&#8220;on|desktop&#8220; admin_label=&#8220;Bild 3&#8243; _builder_version=&#8220;4.22.0&#8243; _module_preset=&#8220;default&#8220; background_enable_color=&#8220;off&#8220; background_enable_image=&#8220;off&#8220; width=&#8220;100%&#8220; max_width=&#8220;100%&#8220; custom_margin=&#8220;||||false|false&#8220; custom_padding=&#8220;|50px||50px|false|false&#8220; custom_padding_tablet=&#8220;|20px||20px|false|false&#8220; custom_padding_phone=&#8220;|20px|||false|false&#8220; hover_transition_speed_curve=&#8220;ease-in-out&#8220; scroll_fade=&#8220;0|50|50|100|20%|100|100&#8243; scroll_fade_tablet=&#8220;0|50|50|100|20%|100|100&#8243; scroll_fade_phone=&#8220;0|50|50|100|20%|100|100&#8243; scroll_fade_last_edited=&#8220;on|desktop&#8220; global_colors_info=&#8220;{}&#8220;][et_pb_column type=&#8220;1_2&#8243; admin_label=&#8220;Spalte&#8220; _builder_version=&#8220;4.21.0&#8243; _module_preset=&#8220;default&#8220; global_colors_info=&#8220;{}&#8220;][et_pb_text admin_label=&#8220;Titel&#8220; _builder_version=&#8220;4.25.1&#8243; _module_preset=&#8220;56cd2a79-148c-4e54-8a44-8b5ecad240b4&#8243; text_line_height=&#8220;1em&#8220; custom_padding=&#8220;0px||0px|0px|false|false&#8220; global_colors_info=&#8220;{}&#8220;]<\/p>\n<h3>THREE SHINTO-PRIESTS<\/h3>\n<p>Meiji Shrine (\u660e\u6cbb\u795e\u5bae), Tokyo, 1952<\/p>\n<p>[\/et_pb_text][et_pb_text admin_label=&#8220;Ausstellungspr\u00e4sentation&#8220; _builder_version=&#8220;4.25.1&#8243; _module_preset=&#8220;56cd2a79-148c-4e54-8a44-8b5ecad240b4&#8243; min_height=&#8220;282.8px&#8220; custom_padding=&#8220;0px||0px|0px|false|false&#8220; global_colors_info=&#8220;{}&#8220;]<\/p>\n<div class=\"zeile\">\n<div class=\"zelle1\">Edition<\/div>\n<div class=\"zelle2\">4\/5 + 2 AP<\/div>\n<div>\n<div class=\"zelle1\">\u00a0<\/div>\n<div class=\"zelle2\">stamped and signed by Marco Bischof on verso<\/div>\n<div>\n<div class=\"zelle1\">\u00a0<\/div>\n<div class=\"zelle2\">Director of the Werner Bischof Estate<\/div>\n<\/div>\n<\/div>\n<\/div>\n<div class=\"zeile\">\n<div class=\"zelle1\">\n<p>Print<\/p>\n<\/div>\n<div class=\"zelle2\">Platinum Palladium<\/div>\n<\/div>\n<div class=\"zeile\">\n<div class=\"zelle1\">Sheet<\/div>\n<div class=\"zelle2\">76 x 57 cm, Arches \/ Platine, 310 g\/m2, 100% Cotton<\/div>\n<\/div>\n<div class=\"zeile\">\n<div class=\"zelle1\">Picture<\/div>\n<div class=\"zelle2\">55 x 37.5 cm<\/div>\n<\/div>\n<div class=\"zeile\">\n<div class=\"zelle1\">Frame<\/div>\n<div class=\"zelle2\">78 x 65 x 3.3 cm<\/div>\n<\/div>\n<div class=\"zeile\">\n<div class=\"zelle1\">\u00a0<\/div>\n<div class=\"zelle2\">Lime stained anthracite, matt lacquered<\/div>\n<\/div>\n<div class=\"zeile\">\n<div class=\"zelle1\">\u00a0<\/div>\n<div class=\"zelle2\">Glass, anti-reflective, UV 92%<\/div>\n<\/div>\n<div class=\"zeile\">\n<div class=\"zelle1\">\u00a0<\/div>\n<div class=\"zelle2\">Sibylle Diehl, Zurich<\/div>\n<\/div>\n<p>&nbsp;<\/p>\n<div class=\"zeile\">\n<div class=\"zelle1\"><span style=\"color: #f3f2f0;\">leer<\/span><\/div>\n<\/div>\n<p>[\/et_pb_text][\/et_pb_column][et_pb_column type=&#8220;1_2&#8243; _builder_version=&#8220;4.21.0&#8243; _module_preset=&#8220;default&#8220; background_enable_color=&#8220;off&#8220; background_enable_image=&#8220;off&#8220; custom_padding=&#8220;0px||||false|false&#8220; global_colors_info=&#8220;{}&#8220;][et_pb_image src=&#8220;https:\/\/galerie-gutermuth.ch\/wp-content\/uploads\/2024\/06\/3-Moenche_DSF1771_240607web4.jpg&#8220; title_text=&#8220;3-Moenche_DSF1771_240607web4&#8243; align=&#8220;center&#8220; _builder_version=&#8220;4.25.1&#8243; _module_preset=&#8220;default&#8220; background_enable_color=&#8220;off&#8220; width=&#8220;80%&#8220; width_tablet=&#8220;100%&#8220; width_phone=&#8220;100%&#8220; width_last_edited=&#8220;on|phone&#8220; custom_margin=&#8220;||||false|false&#8220; custom_padding=&#8220;0px|20px|20px|20px|false|false&#8220; custom_padding_tablet=&#8220;|0px|0px|0px|false|false&#8220; custom_padding_phone=&#8220;|0px|0px|0px|false|false&#8220; custom_padding_last_edited=&#8220;on|tablet&#8220; border_color_all=&#8220;#FFFFFF&#8220; global_colors_info=&#8220;{}&#8220;][\/et_pb_image][\/et_pb_column][\/et_pb_row][et_pb_row custom_padding_last_edited=&#8220;on|phone&#8220; admin_label=&#8220;Bildteiler&#8220; _builder_version=&#8220;4.21.0&#8243; _module_preset=&#8220;default&#8220; width=&#8220;60%&#8220; custom_padding=&#8220;||||false|false&#8220; custom_padding_tablet=&#8220;10px||0px||false|false&#8220; custom_padding_phone=&#8220;10px||0px||false|false&#8220; global_colors_info=&#8220;{}&#8220;][et_pb_column type=&#8220;4_4&#8243; _builder_version=&#8220;4.21.0&#8243; _module_preset=&#8220;default&#8220; global_colors_info=&#8220;{}&#8220;][et_pb_divider color=&#8220;#413E39&#8243; _builder_version=&#8220;4.21.0&#8243; _module_preset=&#8220;default&#8220; global_colors_info=&#8220;{}&#8220;][\/et_pb_divider][\/et_pb_column][\/et_pb_row][et_pb_row column_structure=&#8220;1_2,1_2&#8243; custom_padding_last_edited=&#8220;on|desktop&#8220; admin_label=&#8220;Bild 4&#8243; _builder_version=&#8220;4.22.0&#8243; _module_preset=&#8220;default&#8220; background_enable_color=&#8220;off&#8220; background_enable_image=&#8220;off&#8220; width=&#8220;100%&#8220; max_width=&#8220;100%&#8220; custom_margin=&#8220;||||false|false&#8220; custom_padding=&#8220;|50px||50px|false|false&#8220; custom_padding_tablet=&#8220;|20px||20px|false|false&#8220; custom_padding_phone=&#8220;|20px|||false|false&#8220; hover_transition_speed_curve=&#8220;ease-in-out&#8220; scroll_fade=&#8220;0|50|50|100|20%|100|100&#8243; scroll_fade_tablet=&#8220;0|50|50|100|20%|100|100&#8243; scroll_fade_phone=&#8220;0|50|50|100|20%|100|100&#8243; scroll_fade_last_edited=&#8220;on|desktop&#8220; global_colors_info=&#8220;{}&#8220;][et_pb_column type=&#8220;1_2&#8243; _builder_version=&#8220;4.21.0&#8243; _module_preset=&#8220;default&#8220; global_colors_info=&#8220;{}&#8220;][et_pb_text admin_label=&#8220;Titel&#8220; _builder_version=&#8220;4.25.0&#8243; _module_preset=&#8220;56cd2a79-148c-4e54-8a44-8b5ecad240b4&#8243; text_line_height=&#8220;1em&#8220; global_colors_info=&#8220;{}&#8220;]<\/p>\n<h3>SILVER PAVILION<\/h3>\n<p>Kyoto, 1951<\/p>\n<p>&nbsp;<\/p>\n<p>[\/et_pb_text][et_pb_text admin_label=&#8220;Informationen&#8220; _builder_version=&#8220;4.25.1&#8243; _module_preset=&#8220;56cd2a79-148c-4e54-8a44-8b5ecad240b4&#8243; min_height=&#8220;227.4px&#8220; global_colors_info=&#8220;{}&#8220;]<\/p>\n<div class=\"zeile\">\n<div class=\"zelle1\">Edition<\/div>\n<div class=\"zelle2\">2\/5 + 2 AP<\/div>\n<div>\n<div class=\"zelle1\">\u00a0<\/div>\n<div class=\"zelle2\">stamped and signed by Marco Bischof on verso<\/div>\n<div>\n<div class=\"zelle1\">\u00a0<\/div>\n<div class=\"zelle2\">Director of the Werner Bischof Estate<\/div>\n<\/div>\n<\/div>\n<\/div>\n<div class=\"zeile\">\n<div class=\"zelle1\">Print<\/div>\n<div class=\"zelle2\">Platinum Palladium<\/div>\n<\/div>\n<div class=\"zeile\">\n<div class=\"zelle1\">Sheet<\/div>\n<div class=\"zelle2\">57 x 57 cm, Arches \/ Platine, 310 g\/m2, 100% Cotton<\/div>\n<\/div>\n<div class=\"zeile\">\n<div class=\"zelle1\">Picture<\/div>\n<div class=\"zelle2\">46 x 46 cm<\/div>\n<\/div>\n<div class=\"zeile\">\n<div class=\"zelle1\">Frame<\/div>\n<div class=\"zelle2\">65 x 78 x 3.3 cm<\/div>\n<\/div>\n<div class=\"zeile\">\n<div class=\"zelle1\">\u00a0<\/div>\n<div class=\"zelle2\">Lime stained anthracite, matt lacquered<\/div>\n<\/div>\n<div class=\"zeile\">\n<div class=\"zelle1\">\u00a0<\/div>\n<div class=\"zelle2\">Glass, anti-reflective, UV 92%<\/div>\n<\/div>\n<div class=\"zeile\">\n<div class=\"zelle1\">\u00a0<\/div>\n<div class=\"zelle2\">Sibylle Diehl, Zurich<\/div>\n<\/div>\n<p>&nbsp;<\/p>\n<p>[\/et_pb_text][\/et_pb_column][et_pb_column type=&#8220;1_2&#8243; _builder_version=&#8220;4.21.0&#8243; _module_preset=&#8220;default&#8220; background_enable_color=&#8220;off&#8220; background_enable_image=&#8220;off&#8220; custom_padding=&#8220;0px||||false|false&#8220; global_colors_info=&#8220;{}&#8220;][et_pb_image src=&#8220;https:\/\/galerie-gutermuth.ch\/wp-content\/uploads\/2024\/06\/silberner-Pavillon_DSF1781_240607web4.jpg&#8220; title_text=&#8220;silberner-Pavillon_DSF1781_240607web4&#8243; align=&#8220;center&#8220; _builder_version=&#8220;4.25.1&#8243; _module_preset=&#8220;default&#8220; background_enable_color=&#8220;off&#8220; width=&#8220;80%&#8220; width_tablet=&#8220;100%&#8220; width_phone=&#8220;100%&#8220; width_last_edited=&#8220;on|phone&#8220; custom_margin=&#8220;||||false|false&#8220; custom_padding=&#8220;0px|20px|20px|20px|false|false&#8220; custom_padding_tablet=&#8220;|0px|0px|0px|false|false&#8220; custom_padding_phone=&#8220;|0px|0px|0px|false|false&#8220; custom_padding_last_edited=&#8220;on|tablet&#8220; border_color_all=&#8220;#FFFFFF&#8220; global_colors_info=&#8220;{}&#8220;][\/et_pb_image][\/et_pb_column][\/et_pb_row][et_pb_row custom_padding_last_edited=&#8220;on|phone&#8220; admin_label=&#8220;Bildteiler&#8220; _builder_version=&#8220;4.21.0&#8243; _module_preset=&#8220;default&#8220; width=&#8220;60%&#8220; custom_padding=&#8220;||||false|false&#8220; custom_padding_tablet=&#8220;10px||0px||false|false&#8220; custom_padding_phone=&#8220;10px||0px||false|false&#8220; global_colors_info=&#8220;{}&#8220;][et_pb_column type=&#8220;4_4&#8243; _builder_version=&#8220;4.21.0&#8243; _module_preset=&#8220;default&#8220; global_colors_info=&#8220;{}&#8220;][et_pb_divider color=&#8220;#413E39&#8243; _builder_version=&#8220;4.21.0&#8243; _module_preset=&#8220;default&#8220; global_colors_info=&#8220;{}&#8220;][\/et_pb_divider][\/et_pb_column][\/et_pb_row][et_pb_row column_structure=&#8220;1_2,1_2&#8243; custom_padding_last_edited=&#8220;on|desktop&#8220; admin_label=&#8220;Bild 5&#8243; _builder_version=&#8220;4.22.1&#8243; _module_preset=&#8220;default&#8220; background_enable_color=&#8220;off&#8220; background_enable_image=&#8220;off&#8220; width=&#8220;100%&#8220; max_width=&#8220;100%&#8220; custom_margin=&#8220;||||false|false&#8220; custom_padding=&#8220;|50px||50px|false|false&#8220; custom_padding_tablet=&#8220;|20px||20px|false|false&#8220; custom_padding_phone=&#8220;|20px|||false|false&#8220; hover_transition_speed_curve=&#8220;ease-in-out&#8220; scroll_fade=&#8220;0|50|50|100|20%|100|100&#8243; scroll_fade_tablet=&#8220;0|50|50|100|20%|100|100&#8243; scroll_fade_phone=&#8220;0|50|50|100|20%|100|100&#8243; scroll_fade_last_edited=&#8220;on|desktop&#8220; global_colors_info=&#8220;{}&#8220;][et_pb_column type=&#8220;1_2&#8243; _builder_version=&#8220;4.21.0&#8243; _module_preset=&#8220;default&#8220; global_colors_info=&#8220;{}&#8220;][et_pb_text admin_label=&#8220;Titel&#8220; _builder_version=&#8220;4.25.0&#8243; _module_preset=&#8220;56cd2a79-148c-4e54-8a44-8b5ecad240b4&#8243; text_line_height=&#8220;1em&#8220; global_colors_info=&#8220;{}&#8220;]<\/p>\n<h3>LOTUS LEAVES<\/h3>\n<p>Kyoto, 1951<\/p>\n<p>&nbsp;<\/p>\n<p>[\/et_pb_text][et_pb_text admin_label=&#8220;Informationen&#8220; _builder_version=&#8220;4.25.1&#8243; _module_preset=&#8220;56cd2a79-148c-4e54-8a44-8b5ecad240b4&#8243; min_height=&#8220;259.4px&#8220; global_colors_info=&#8220;{}&#8220;]<\/p>\n<div class=\"zeile\">\n<div class=\"zelle1\">Edition<\/div>\n<div class=\"zelle2\">1\/5 + 2 AP<\/div>\n<div>\n<div class=\"zelle1\">\u00a0<\/div>\n<div class=\"zelle2\">stamped and signed by Marco Bischof on verso<\/div>\n<div>\n<div class=\"zelle1\">\u00a0<\/div>\n<div class=\"zelle2\">Director of the Werner Bischof Estate<\/div>\n<\/div>\n<\/div>\n<\/div>\n<div class=\"zeile\">\n<div class=\"zelle1\">Print<\/div>\n<div class=\"zelle2\">Platinum Palladium<\/div>\n<\/div>\n<div class=\"zeile\">\n<div class=\"zelle1\">Sheet<\/div>\n<div class=\"zelle2\">57 x 63 cm Arches \/ Platine, 310 g\/m2, 100% Cotton<\/div>\n<\/div>\n<div class=\"zeile\">\n<div class=\"zelle1\">Picture<\/div>\n<div class=\"zelle2\">46 x 46 cm<\/div>\n<\/div>\n<div class=\"zeile\">\n<div class=\"zelle1\">Frame<\/div>\n<div class=\"zelle2\">65 x 78 x 3.3 cm<\/div>\n<\/div>\n<div class=\"zeile\">\n<div class=\"zelle1\">\u00a0<\/div>\n<div class=\"zelle2\">Lime stained anthracite, matt lacquered<\/div>\n<\/div>\n<div class=\"zeile\">\n<div class=\"zelle1\">\u00a0<\/div>\n<div class=\"zelle2\">Glass, anti-reflective, UV 92%<\/div>\n<\/div>\n<div class=\"zeile\">\n<div class=\"zelle1\">\u00a0<\/div>\n<div class=\"zelle2\">Sibylle Diehl, Zurich<\/div>\n<\/div>\n<p>[\/et_pb_text][\/et_pb_column][et_pb_column type=&#8220;1_2&#8243; _builder_version=&#8220;4.21.0&#8243; _module_preset=&#8220;default&#8220; background_enable_color=&#8220;off&#8220; background_enable_image=&#8220;off&#8220; custom_padding=&#8220;0px||||false|false&#8220; global_colors_info=&#8220;{}&#8220;][et_pb_image src=&#8220;https:\/\/galerie-gutermuth.ch\/wp-content\/uploads\/2024\/06\/Lotus_DSF1785_240607web4.jpg&#8220; title_text=&#8220;Lotus_DSF1785_240607web4&#8243; align=&#8220;center&#8220; _builder_version=&#8220;4.25.1&#8243; _module_preset=&#8220;default&#8220; background_enable_color=&#8220;off&#8220; width=&#8220;80%&#8220; width_tablet=&#8220;100%&#8220; width_phone=&#8220;100%&#8220; width_last_edited=&#8220;on|phone&#8220; custom_margin=&#8220;||||false|false&#8220; custom_padding=&#8220;0px|20px|20px|20px|false|false&#8220; custom_padding_tablet=&#8220;|0px|0px|0px|false|false&#8220; custom_padding_phone=&#8220;|0px|0px|0px|false|false&#8220; custom_padding_last_edited=&#8220;on|tablet&#8220; border_color_all=&#8220;#FFFFFF&#8220; global_colors_info=&#8220;{}&#8220;][\/et_pb_image][\/et_pb_column][\/et_pb_row][et_pb_row custom_padding_last_edited=&#8220;on|phone&#8220; admin_label=&#8220;Bildteiler&#8220; _builder_version=&#8220;4.21.0&#8243; _module_preset=&#8220;default&#8220; width=&#8220;60%&#8220; custom_padding=&#8220;||||false|false&#8220; custom_padding_tablet=&#8220;10px||0px||false|false&#8220; custom_padding_phone=&#8220;10px||0px||false|false&#8220; global_colors_info=&#8220;{}&#8220;][et_pb_column type=&#8220;4_4&#8243; _builder_version=&#8220;4.21.0&#8243; _module_preset=&#8220;default&#8220; global_colors_info=&#8220;{}&#8220;][et_pb_divider color=&#8220;#413E39&#8243; _builder_version=&#8220;4.21.0&#8243; _module_preset=&#8220;default&#8220; global_colors_info=&#8220;{}&#8220;][\/et_pb_divider][\/et_pb_column][\/et_pb_row][et_pb_row column_structure=&#8220;1_2,1_2&#8243; custom_padding_last_edited=&#8220;on|desktop&#8220; admin_label=&#8220;Bild 6&#8243; _builder_version=&#8220;4.22.0&#8243; _module_preset=&#8220;default&#8220; background_enable_color=&#8220;off&#8220; background_enable_image=&#8220;off&#8220; width=&#8220;100%&#8220; max_width=&#8220;100%&#8220; custom_margin=&#8220;||||false|false&#8220; custom_padding=&#8220;|50px||50px|false|false&#8220; custom_padding_tablet=&#8220;|20px||20px|false|false&#8220; custom_padding_phone=&#8220;|20px|||false|false&#8220; hover_transition_speed_curve=&#8220;ease-in-out&#8220; scroll_fade=&#8220;0|50|50|100|20%|100|100&#8243; scroll_fade_tablet=&#8220;0|50|50|100|20%|100|100&#8243; scroll_fade_phone=&#8220;0|50|50|100|20%|100|100&#8243; scroll_fade_last_edited=&#8220;on|desktop&#8220; global_colors_info=&#8220;{}&#8220;][et_pb_column type=&#8220;1_2&#8243; _builder_version=&#8220;4.21.0&#8243; _module_preset=&#8220;default&#8220; global_colors_info=&#8220;{}&#8220;][et_pb_text admin_label=&#8220;Titel&#8220; _builder_version=&#8220;4.25.1&#8243; _module_preset=&#8220;56cd2a79-148c-4e54-8a44-8b5ecad240b4&#8243; text_line_height=&#8220;1em&#8220; global_colors_info=&#8220;{}&#8220;]<\/p>\n<h3>SILK DRYING<\/h3>\n<p>Kyoto, 1951<\/p>\n<p>&nbsp;<\/p>\n<p>[\/et_pb_text][et_pb_text admin_label=&#8220;Informationen&#8220; _builder_version=&#8220;4.25.1&#8243; _module_preset=&#8220;56cd2a79-148c-4e54-8a44-8b5ecad240b4&#8243; min_height=&#8220;230.8px&#8220; global_colors_info=&#8220;{}&#8220;]<\/p>\n<div class=\"zeile\">\n<div class=\"zelle1\">Edition<\/div>\n<div class=\"zelle2\">1\/5 + 2 AP<\/div>\n<div>\n<div class=\"zelle1\">\u00a0<\/div>\n<div class=\"zelle2\">stamped and signed by Marco Bischof on verso<\/div>\n<div>\n<div class=\"zelle1\">\u00a0<\/div>\n<div class=\"zelle2\">Director of the Werner Bischof Estate<\/div>\n<\/div>\n<\/div>\n<\/div>\n<div class=\"zeile\">\n<div class=\"zelle1\">Print<\/div>\n<div class=\"zelle2\">Platinum Palladium<\/div>\n<\/div>\n<div class=\"zeile\">\n<div class=\"zelle1\">Sheet<\/div>\n<div class=\"zelle2\">64 x 57 cm, Arches \/ Platine, 310 g\/m2, 100% Cotton<\/div>\n<\/div>\n<div class=\"zeile\">\n<div class=\"zelle1\">Picture<\/div>\n<div class=\"zelle2\">50 x 45.5 cm<\/div>\n<\/div>\n<div class=\"zeile\">\n<div class=\"zelle1\">Frame<\/div>\n<div class=\"zelle2\">78 x 65 x 3 cm<\/div>\n<\/div>\n<div class=\"zeile\">\n<div class=\"zelle1\">\u00a0<\/div>\n<div class=\"zelle2\">Lime stained anthracite, matt lacquered<\/div>\n<\/div>\n<div class=\"zeile\">\n<div class=\"zelle1\">\u00a0<\/div>\n<div class=\"zelle2\">Glass, anti-reflective, UV 92%<\/div>\n<\/div>\n<div class=\"zeile\">\n<div class=\"zelle1\">\u00a0<\/div>\n<div class=\"zelle2\">Sibylle Diehl, Zurich<\/div>\n<\/div>\n<p>[\/et_pb_text][\/et_pb_column][et_pb_column type=&#8220;1_2&#8243; _builder_version=&#8220;4.21.0&#8243; _module_preset=&#8220;default&#8220; background_enable_color=&#8220;off&#8220; background_enable_image=&#8220;off&#8220; custom_padding=&#8220;0px||||false|false&#8220; global_colors_info=&#8220;{}&#8220;][et_pb_image src=&#8220;https:\/\/galerie-gutermuth.ch\/wp-content\/uploads\/2024\/06\/Seidetrocknen_DSF1789_240607web4.jpg&#8220; title_text=&#8220;Seidetrocknen_DSF1789_240607web4&#8243; align=&#8220;center&#8220; _builder_version=&#8220;4.25.1&#8243; _module_preset=&#8220;default&#8220; background_enable_color=&#8220;off&#8220; width=&#8220;80%&#8220; width_tablet=&#8220;100%&#8220; width_phone=&#8220;100%&#8220; width_last_edited=&#8220;on|phone&#8220; custom_margin=&#8220;||||false|false&#8220; custom_padding=&#8220;0px|20px|20px|20px|false|false&#8220; custom_padding_tablet=&#8220;|0px|0px|0px|false|false&#8220; custom_padding_phone=&#8220;|0px|0px|0px|false|false&#8220; custom_padding_last_edited=&#8220;on|tablet&#8220; border_color_all=&#8220;#FFFFFF&#8220; global_colors_info=&#8220;{}&#8220;][\/et_pb_image][\/et_pb_column][\/et_pb_row][et_pb_row custom_padding_last_edited=&#8220;on|tablet&#8220; admin_label=&#8220;Fotografien&#8220; _builder_version=&#8220;4.21.0&#8243; _module_preset=&#8220;default&#8220; custom_margin=&#8220;||||false|false&#8220; custom_padding_tablet=&#8220;10px||0px||false|false&#8220; custom_padding_phone=&#8220;10px||0px||false|false&#8220; global_colors_info=&#8220;{}&#8220;][et_pb_column type=&#8220;4_4&#8243; _builder_version=&#8220;4.21.0&#8243; _module_preset=&#8220;default&#8220; global_colors_info=&#8220;{}&#8220;][et_pb_divider color=&#8220;#413E39&#8243; _builder_version=&#8220;4.21.0&#8243; _module_preset=&#8220;default&#8220; global_colors_info=&#8220;{}&#8220;][\/et_pb_divider][\/et_pb_column][\/et_pb_row][et_pb_row column_structure=&#8220;1_3,2_3&#8243; custom_padding_last_edited=&#8220;on|desktop&#8220; admin_label=&#8220;Alexander Wagner&#8220; _builder_version=&#8220;4.22.1&#8243; _module_preset=&#8220;default&#8220; width=&#8220;100%&#8220; max_width=&#8220;100%&#8220; min_height=&#8220;155.2px&#8220; custom_margin=&#8220;||||false|false&#8220; custom_padding=&#8220;|50px||50px|false|false&#8220; custom_padding_tablet=&#8220;|20px||20px|false|false&#8220; custom_padding_phone=&#8220;|20px|||false|false&#8220; global_colors_info=&#8220;{}&#8220;][et_pb_column type=&#8220;1_3&#8243; _builder_version=&#8220;4.22.1&#8243; _module_preset=&#8220;default&#8220; global_colors_info=&#8220;{}&#8220;][et_pb_text _builder_version=&#8220;4.25.0&#8243; _module_preset=&#8220;56cd2a79-148c-4e54-8a44-8b5ecad240b4&#8243; text_line_height=&#8220;1em&#8220; global_colors_info=&#8220;{}&#8220;]<\/p>\n<h1>WERNER BISCHOF<\/h1>\n<p>1916 &#8211; 1954, Schweiz<\/p>\n<p>[\/et_pb_text][\/et_pb_column][et_pb_column type=&#8220;2_3&#8243; _builder_version=&#8220;4.22.1&#8243; _module_preset=&#8220;default&#8220; background_enable_color=&#8220;off&#8220; custom_padding=&#8220;0px|50px|0px|50px|false|false&#8220; global_colors_info=&#8220;{}&#8220;][\/et_pb_column][\/et_pb_row][et_pb_row column_structure=&#8220;1_3,2_3&#8243; custom_padding_last_edited=&#8220;on|desktop&#8220; admin_label=&#8220;Alexander Wagner&#8220; _builder_version=&#8220;4.22.1&#8243; _module_preset=&#8220;default&#8220; width=&#8220;100%&#8220; max_width=&#8220;100%&#8220; min_height=&#8220;1029.1px&#8220; custom_margin=&#8220;||||false|false&#8220; custom_padding=&#8220;|50px||50px|false|false&#8220; custom_padding_tablet=&#8220;|20px||20px|false|false&#8220; custom_padding_phone=&#8220;|20px|||false|false&#8220; global_colors_info=&#8220;{}&#8220;][et_pb_column type=&#8220;1_3&#8243; _builder_version=&#8220;4.21.0&#8243; _module_preset=&#8220;default&#8220; global_colors_info=&#8220;{}&#8220;][et_pb_image src=&#8220;https:\/\/galerie-gutermuth.ch\/wp-content\/uploads\/2024\/05\/PAR40768_Medium_res-1.jpeg&#8220; title_text=&#8220;FRANCE. Paris. 1950. Werner BISCHOF photographed by Ernst Haas.&#8220; _builder_version=&#8220;4.25.0&#8243; _module_preset=&#8220;default&#8220; width=&#8220;100%&#8220; width_tablet=&#8220;100%&#8220; width_phone=&#8220;100%&#8220; width_last_edited=&#8220;on|tablet&#8220; global_colors_info=&#8220;{}&#8220;][\/et_pb_image][et_pb_text _builder_version=&#8220;4.25.0&#8243; _module_preset=&#8220;default&#8220; min_height=&#8220;26.8px&#8220; global_colors_info=&#8220;{}&#8220;]Werner Bischof,1950<br \/>\nfotografiert von Ernst Haas[\/et_pb_text][\/et_pb_column][et_pb_column type=&#8220;2_3&#8243; _builder_version=&#8220;4.22.1&#8243; _module_preset=&#8220;default&#8220; background_enable_color=&#8220;off&#8220; custom_padding=&#8220;0px|50px|0px|50px|false|false&#8220; global_colors_info=&#8220;{}&#8220;][et_pb_text _builder_version=&#8220;4.25.1&#8243; _module_preset=&#8220;56cd2a79-148c-4e54-8a44-8b5ecad240b4&#8243; background_enable_color=&#8220;off&#8220; min_height=&#8220;1191.9px&#8220; global_colors_info=&#8220;{}&#8220;]<\/p>\n<p class=\"p1\"><span class=\"s1\"><strong>1916<\/strong> <\/span><span class=\"s1\">Werner Bischof is born on 26 April in Zurich (Switzerland), where his father runs a factory for pharmaceutical products. He later settles in Waldshut (Germany). Werner has a sister who is one year older. His mother dies in 1931.<span class=\"Apple-converted-space\">\u00a0<\/span><\/span><\/p>\n<p class=\"p1\"><span class=\"s1\"><strong>1932 <\/strong><\/span>Enrols at the Zurich School of Arts and Crafts and attends Hans Finsler's newly created photography courses. Under the influence of these lessons, he realised numerous photographs of plants and shells.<\/p>\n<p class=\"p1\"><span class=\"s1\"><strong>1936<\/strong> <\/span><span class=\"s1\">After graduating and completing recruit school, he opened a studio in Zurich<span class=\"Apple-converted-space\">\u00a0 <\/span>for photography and graphics in Zurich. <span class=\"Apple-converted-space\">\u00a0<\/span><\/span><\/p>\n<p class=\"p1\"><span class=\"s1\"><strong>1938<\/strong> <\/span><span class=\"s1\">Employed by the publishing house \u2018Amstutz &amp; Herdeg\u2019. (photo posters, fashion photography) <span class=\"Apple-converted-space\">\u00a0<\/span><\/span><\/p>\n<p class=\"p1\"><span class=\"s1\"><strong>1939<\/strong> <\/span><span class=\"s1\">Collaboration on the Swiss<span class=\"Apple-converted-space\">\u00a0 <\/span>National Exhibition in Zurich. <span class=\"Apple-converted-space\">\u00a0<\/span><\/span><\/p>\n<p class=\"p1\"><span class=\"s1\"><strong>1940-1945<\/strong> Served 800 days of active service in the Swiss Army.<span class=\"Apple-converted-space\">\u00a0<\/span><\/span><\/p>\n<p class=\"p1\"><span class=\"s1\"><strong>1942<\/strong> First publication of photographic studies on light in the magazine \u2018Du\u2019, founded by Arnold K\u00fcbler. Regular contributor. Member of the artists' group \u201cAllianz\u201d. Residence and studio in Zurich-Leimbach.<span class=\"Apple-converted-space\">\u00a0<\/span><\/span><\/p>\n<p class=\"p1\"><span class=\"s1\"><strong>1944\/1945 <\/strong>First reports on the subject: \u2018The disabled person\u2019 and on \u2018Refugees\u2019 in Ticino.<span class=\"Apple-converted-space\">\u00a0<\/span><\/span><\/p>\n<p class=\"p1\"><span class=\"s1\"><strong>1945<\/strong> Travelling to southern Germany by bike. A major reportage tour through the war-ravaged countries of France, Germany and Holland. (\u2018Du\u2019 special issue, May 1946)<span class=\"Apple-converted-space\">\u00a0<\/span><\/span><\/p>\n<p class=\"p1\"><span class=\"s1\"><strong>1946-1948<\/strong> In Bonn, Cologne, Hamburg, Hanover, Berlin, Leibzig, Dresden.<span class=\"Apple-converted-space\">\u00a0<\/span><\/span><\/p>\n<p class=\"p1\"><span class=\"s1\">Worked for the aid organisation \u2018Schweizer Spende\u2019 in Austria, Italy, Greece, later across Eastern Europe (Hungary, Czechoslovakia, Romania and Poland), then in Finland and Norway. (\u2018Du\u2019 special issue, June 1949)<span class=\"Apple-converted-space\">\u00a0<\/span><\/span><\/p>\n<p class=\"p1\"><span class=\"s1\"><strong>1949 <\/strong>Marriage to Rosellina Mandel, whom he met in Italy (1946).<span class=\"Apple-converted-space\">\u00a0<\/span><\/span><\/p>\n<p class=\"p1\"><span class=\"s1\">Works in England for \u2018Picture Post\u2019, \u2018Illustrated\u2019 and \u2018Observer\u2019. Becomes a member of the photographer's co-operative \u2018MAGNUM\u2019.<span class=\"Apple-converted-space\">\u00a0<\/span><\/span><\/p>\n<p class=\"p1\"><span class=\"s1\"><strong>1950<\/strong> Birth of son Marco.<span class=\"Apple-converted-space\">\u00a0<\/span><\/span><\/p>\n<p class=\"p1\"><span class=\"s1\"><strong>1951-1952<\/strong> To India for \u2018MAGNUM\u2019. The report \u2018Hunger in India\u2019 published in \u2018Life\u2019 makes him famous. For \u2018MAGNUM\u2019 to South Korea, Okinawa and Japan.<span class=\"Apple-converted-space\">\u00a0<\/span><\/span><\/p>\n<p class=\"p1\"><span class=\"s1\"><strong>1952 <\/strong>On assignment for \u2018Life\u2019 in Tokyo. The country is a great experience for him and Rosellina, as his book \u2018Japan\u2019 (published in 1954) shows. Then travelling by ship to Hong Kong. As a war correspondent for \u2018Paris Match\u2019 during the Indochina War. Strong doubts about photojournalism. At Christmas 1952, he returns to Switzerland via South India.<span class=\"Apple-converted-space\">\u00a0<\/span><\/span><\/p>\n<p class=\"p1\"><span class=\"s1\"><strong>1953<\/strong> \u2018Du\u2019 special issue about<span class=\"Apple-converted-space\">\u00a0<\/span>\u2018People in the Far East\u2019 and exhibition on this subject in Zurich. Embarked for New York in September; commissioned work to finance a major trip to South America.<span class=\"Apple-converted-space\">\u00a0<\/span><\/span><\/p>\n<p class=\"p1\"><span class=\"s1\"><strong>1954<\/strong> To Mexico with Rosellina in spring. For \u2018MAGNUM\u2019 and \u2018Life\u2019 on a reporting trip<span class=\"Apple-converted-space\">\u00a0 <\/span>via Panama to Santiago de Chile and Lima. Visit to Cuzco and the Inca city of Machu Picchu. Return to Lima, from where he accompanies a geologist on an inspection trip to Amazonia. On 16 May, the car crashes into a gorge in the Andes. Nine days after this accident, in which Werner Bischof died, his second son Daniel was born.<\/span><\/p>\n<p>&nbsp;<\/p>\n<p class=\"p1\"><a href=\"http:\/\/wernerbischof.com\" target=\"_blank\" rel=\"noopener\">wernerbischof.com<\/a><\/p>\n<p>[\/et_pb_text][\/et_pb_column][\/et_pb_row][et_pb_row custom_padding_last_edited=&#8220;on|desktop&#8220; admin_label=&#8220;Alexander Wagner&#8220; _builder_version=&#8220;4.22.1&#8243; _module_preset=&#8220;default&#8220; width=&#8220;100%&#8220; max_width=&#8220;100%&#8220; custom_margin=&#8220;||||false|false&#8220; custom_padding=&#8220;|50px||50px|false|false&#8220; custom_padding_tablet=&#8220;|20px||20px|false|false&#8220; custom_padding_phone=&#8220;|20px|||false|false&#8220; global_colors_info=&#8220;{}&#8220;][et_pb_column type=&#8220;4_4&#8243; _builder_version=&#8220;4.22.1&#8243; _module_preset=&#8220;default&#8220; global_colors_info=&#8220;{}&#8220;][\/et_pb_column][\/et_pb_row][\/et_pb_section]<\/p>","protected":false},"excerpt":{"rendered":"<p>WERNER BISCHOF LONGING FOR TRADITION AND BEAUTY Japan 1951\/1952 \u00a0 mit Akari Lichtskulpturen von Isamu NoguchiAusstellung 08.06.2024 &#8211; 30.08.2024Einleitung Werner Bischof, geb. 1916 in Z\u00fcrich, reiste 1951 im Auftrag von ,MAGNUM\u2018 f\u00fcr eine Reportage \u00fcber den Stellvertreterkrieg zwischen China und den USA nach Korea. Der Weg dorthin f\u00fchrte ihn \u00fcber das befriedete Japan, das ihn [&hellip;]<\/p>","protected":false},"author":1,"featured_media":0,"parent":0,"menu_order":0,"comment_status":"closed","ping_status":"closed","template":"","meta":{"_et_pb_use_builder":"on","_et_pb_old_content":"","_et_gb_content_width":"","inline_featured_image":false,"footnotes":""},"class_list":["post-1166","page","type-page","status-publish","hentry"],"_links":{"self":[{"href":"https:\/\/galerie-gutermuth.ch\/en\/wp-json\/wp\/v2\/pages\/1166","targetHints":{"allow":["GET"]}}],"collection":[{"href":"https:\/\/galerie-gutermuth.ch\/en\/wp-json\/wp\/v2\/pages"}],"about":[{"href":"https:\/\/galerie-gutermuth.ch\/en\/wp-json\/wp\/v2\/types\/page"}],"author":[{"embeddable":true,"href":"https:\/\/galerie-gutermuth.ch\/en\/wp-json\/wp\/v2\/users\/1"}],"replies":[{"embeddable":true,"href":"https:\/\/galerie-gutermuth.ch\/en\/wp-json\/wp\/v2\/comments?post=1166"}],"version-history":[{"count":24,"href":"https:\/\/galerie-gutermuth.ch\/en\/wp-json\/wp\/v2\/pages\/1166\/revisions"}],"predecessor-version":[{"id":1294,"href":"https:\/\/galerie-gutermuth.ch\/en\/wp-json\/wp\/v2\/pages\/1166\/revisions\/1294"}],"wp:attachment":[{"href":"https:\/\/galerie-gutermuth.ch\/en\/wp-json\/wp\/v2\/media?parent=1166"}],"curies":[{"name":"wp","href":"https:\/\/api.w.org\/{rel}","templated":true}]}}